{"id":2862,"date":"2023-07-06T12:29:19","date_gmt":"2023-07-06T15:29:19","guid":{"rendered":"https:\/\/mell.tatitaswebsites.com.br\/?post_type=product&#038;p=2862"},"modified":"2026-02-01T00:43:02","modified_gmt":"2026-02-01T03:43:02","slug":"kit-saida-maternidade-matelasse","status":"publish","type":"product","link":"https:\/\/ionn.com.br\/mellp\/produto\/kit-saida-maternidade-matelasse\/","title":{"rendered":"Kit Sa\u00edda Maternidade Matelass\u00ea"},"content":{"rendered":"<p>Cardigan trama em matelass\u00ea azul com detalhes em branco, possui bot\u00f5es com abertura frontal.<\/p>\n<p><strong>Composi\u00e7\u00e3o do kit: <\/strong>Tricot antial\u00e9rgico 50% Algod\u00e3o 50% Acr\u00edlico<\/p>\n<p><img fetchpriority=\"high\" decoding=\"async\" class=\"alignnone wp-image-2938 size-full\" src=\"https:\/\/ionn.com.br\/mellp\/wp-content\/uploads\/medidas-de-kit-pequena-e-recem-nascido-mell-petit.webp\" alt=\"medidas-de-kit-pequena-e-recem-nascido-mell-petit\" width=\"451\" height=\"248\" srcset=\"https:\/\/ionn.com.br\/mellp\/wp-content\/uploads\/medidas-de-kit-pequena-e-recem-nascido-mell-petit.webp 451w, https:\/\/ionn.com.br\/mellp\/wp-content\/uploads\/medidas-de-kit-pequena-e-recem-nascido-mell-petit-300x165.webp 300w, https:\/\/ionn.com.br\/mellp\/wp-content\/uploads\/medidas-de-kit-pequena-e-recem-nascido-mell-petit-150x82.webp 150w\" sizes=\"(max-width: 451px) 100vw, 451px\" \/><\/p>\n<p>&nbsp;<\/p>\n<p>&nbsp;<\/p>\n<h3>Medidas aproximadas do Cardigan RN:<\/h3>\n<table>\n<tbody>\n<tr>\n<td style=\"padding: 20px;\" width=\"50%\"><strong>Comprimento total: <\/strong><\/td>\n<td style=\"padding: 20px;\" width=\"50%\">24cm<\/td>\n<\/tr>\n<tr>\n<td style=\"padding: 20px;\" width=\"50%\"><strong>Largura: <\/strong><\/td>\n<td style=\"padding: 20px;\" width=\"50%\">23cm<\/td>\n<\/tr>\n<\/tbody>\n<\/table>\n<p>&nbsp;<\/p>\n<h3>Medidas aproximadas do Cardigan P:<\/h3>\n<table>\n<tbody>\n<tr>\n<td style=\"padding: 20px;\" width=\"50%\"><strong>Comprimento total: <\/strong><\/td>\n<td style=\"padding: 20px;\" width=\"50%\">26cm<\/td>\n<\/tr>\n<tr>\n<td style=\"padding: 20px;\" width=\"50%\"><strong>Largura: <\/strong><\/td>\n<td style=\"padding: 20px;\" width=\"50%\">25cm<\/td>\n<\/tr>\n<\/tbody>\n<\/table>\n<p>&nbsp;<\/p>\n<hr \/>\n<p>&nbsp;<\/p>\n<h3>Caracter\u00edsticas da Salopete RN:<\/h3>\n<p>Salopete (macac\u00e3o cavado), possui abertura nos ombros e entre as pernas para facilitar a troca do beb\u00ea.<\/p>\n<table>\n<tbody>\n<tr>\n<td style=\"padding: 20px;\" width=\"50%\"><strong>Comprimento total:<\/strong><\/td>\n<td style=\"padding: 20px;\" width=\"50%\">48cm<\/td>\n<\/tr>\n<tr>\n<td style=\"padding: 20px;\" width=\"50%\"><strong>Corpo:<\/strong><\/td>\n<td style=\"padding: 20px;\" width=\"50%\">30cm<\/td>\n<\/tr>\n<tr>\n<td style=\"padding: 20px;\" width=\"50%\"><strong>Largura:<\/strong><\/td>\n<td style=\"padding: 20px;\" width=\"50%\">26cm<\/td>\n<\/tr>\n<\/tbody>\n<\/table>\n<p>&nbsp;<\/p>\n<h3>Caracter\u00edsticas da Salopete P:<\/h3>\n<table>\n<tbody>\n<tr>\n<td style=\"padding: 20px;\" width=\"50%\"><strong>Comprimento total:<\/strong><\/td>\n<td style=\"padding: 20px;\" width=\"50%\">50cm<\/td>\n<\/tr>\n<tr>\n<td style=\"padding: 20px;\" width=\"50%\"><strong>Corpo:<\/strong><\/td>\n<td style=\"padding: 20px;\" width=\"50%\">33cm<\/td>\n<\/tr>\n<tr>\n<td style=\"padding: 20px;\" width=\"50%\"><strong>Largura:<\/strong><\/td>\n<td style=\"padding: 20px;\" width=\"50%\">2cm<\/td>\n<\/tr>\n<\/tbody>\n<\/table>\n<p>&nbsp;<\/p>\n<hr \/>\n<p>&nbsp;<\/p>\n<h3>Caracter\u00edsticas da Manta:<\/h3>\n<p>Manta em matelass\u00ea , medindo aproximadamente 80&#215;80.<\/p>\n<p>&nbsp;<\/p>\n<hr \/>\n<p>&nbsp;<\/p>\n<h3>Cuidados com a pe\u00e7a:<\/h3>\n<ol>\n<li>Lavar delicadamente a m\u00e3o<\/li>\n<li>Utiliza sab\u00e3o neutro<\/li>\n<li>N\u00e3o utilizar alvejantes<\/li>\n<li>N\u00e3o torcer, apertar suavemente<\/li>\n<li>Secar \u00e0 sombra na horizontal<\/li>\n<li>N\u00e3o passar a ferro<\/li>\n<\/ol>\n<p>&nbsp;<\/p>\n<p>Pe\u00e7as de qualidade confeccionados em tricot artesanalmente, podendo apresentar pequenas varia\u00e7\u00f5es em tonalidade, costura e bordados.<br \/>\nA cor poder\u00e1 sofrer altera\u00e7\u00e3o dependendo da tela e resolu\u00e7\u00e3o em que est\u00e1 sendo visualizada.<\/p>\n","protected":false},"excerpt":{"rendered":"<p>Kit Composto por Cardigan, Salopete e manta.<\/p>\n<p><strong>*** Body e demais acess\u00f3rios vendidos separadamente***<\/strong><\/p>\n<hr \/>\n<div><\/div>\n<div>Itens inclusos:<\/div>\n<ul>\n<li>01 Cardigan<\/li>\n<li>01 Salopete<\/li>\n<li>01 Manta<\/li>\n<\/ul>\n<hr \/>\n","protected":false},"featured_media":3172,"comment_status":"open","ping_status":"closed","template":"","meta":[],"product_brand":[],"product_cat":[51,46],"product_tag":[173,188,174,91,111],"class_list":{"0":"post-2862","1":"product","2":"type-product","3":"status-publish","4":"has-post-thumbnail","6":"product_cat-menino-kit-maternidade","7":"product_cat-saida-maternidade","8":"product_tag-azul","9":"product_tag-azul-bebe","10":"product_tag-branco","11":"product_tag-kit-saida-maternidade","12":"product_tag-kit-saida-maternidade-matelasse","14":"first","15":"instock","16":"taxable","17":"shipping-taxable","18":"purchasable","19":"product-type-variable"},"yoast_head":"<!-- This site is optimized with the Yoast SEO plugin v27.4 - https:\/\/yoast.com\/product\/yoast-seo-wordpress\/ -->\n<title>Kit Sa\u00edda Maternidade Matelass\u00ea &#8212; Mell Petit<\/title>\n<meta name=\"description\" content=\"Cardigan trama em matelass\u00ea azul com detalhes em branco, possui bot\u00f5es com abertura frontal.\" \/>\n<meta name=\"robots\" content=\"index, follow, max-snippet:-1, max-image-preview:large, max-video-preview:-1\" \/>\n<link rel=\"canonical\" href=\"https:\/\/ionn.com.br\/mellp\/produto\/kit-saida-maternidade-matelasse\/\" \/>\n<meta property=\"og:locale\" content=\"pt_BR\" \/>\n<meta property=\"og:type\" content=\"article\" \/>\n<meta property=\"og:title\" content=\"Kit Sa\u00edda Maternidade Matelass\u00ea &#8212; Mell Petit\" \/>\n<meta property=\"og:description\" content=\"Cardigan trama em matelass\u00ea azul com detalhes em branco, possui bot\u00f5es com abertura frontal.\" \/>\n<meta property=\"og:url\" content=\"https:\/\/ionn.com.br\/mellp\/produto\/kit-saida-maternidade-matelasse\/\" \/>\n<meta property=\"og:site_name\" content=\"Mell Petit\" \/>\n<meta property=\"article:publisher\" content=\"https:\/\/facebook.com\/mellpetit\" \/>\n<meta property=\"article:modified_time\" content=\"2026-02-01T03:43:02+00:00\" \/>\n<meta property=\"og:image\" content=\"https:\/\/ionn.com.br\/mellp\/wp-content\/uploads\/mell-petit-kit-matelasse-produto.webp\" \/>\n\t<meta property=\"og:image:width\" content=\"1024\" \/>\n\t<meta property=\"og:image:height\" content=\"1024\" \/>\n\t<meta property=\"og:image:type\" content=\"image\/webp\" \/>\n<meta name=\"twitter:card\" content=\"summary_large_image\" \/>\n<meta name=\"twitter:label1\" content=\"Est. tempo de leitura\" \/>\n\t<meta name=\"twitter:data1\" content=\"2 minutos\" \/>\n<script type=\"application\/ld+json\" class=\"yoast-schema-graph\">{\"@context\":\"https:\\\/\\\/schema.org\",\"@graph\":[{\"@type\":\"WebPage\",\"@id\":\"https:\\\/\\\/ionn.com.br\\\/mellp\\\/produto\\\/kit-saida-maternidade-matelasse\\\/\",\"url\":\"https:\\\/\\\/ionn.com.br\\\/mellp\\\/produto\\\/kit-saida-maternidade-matelasse\\\/\",\"name\":\"Kit Sa\u00edda Maternidade Matelass\u00ea &#8212; Mell Petit\",\"isPartOf\":{\"@id\":\"https:\\\/\\\/ionn.com.br\\\/mellp\\\/#website\"},\"primaryImageOfPage\":{\"@id\":\"https:\\\/\\\/ionn.com.br\\\/mellp\\\/produto\\\/kit-saida-maternidade-matelasse\\\/#primaryimage\"},\"image\":{\"@id\":\"https:\\\/\\\/ionn.com.br\\\/mellp\\\/produto\\\/kit-saida-maternidade-matelasse\\\/#primaryimage\"},\"thumbnailUrl\":\"https:\\\/\\\/ionn.com.br\\\/mellp\\\/wp-content\\\/uploads\\\/mell-petit-kit-matelasse-produto.webp\",\"datePublished\":\"2023-07-06T15:29:19+00:00\",\"dateModified\":\"2026-02-01T03:43:02+00:00\",\"description\":\"Cardigan trama em matelass\u00ea azul com detalhes em branco, possui bot\u00f5es com abertura frontal.\",\"breadcrumb\":{\"@id\":\"https:\\\/\\\/ionn.com.br\\\/mellp\\\/produto\\\/kit-saida-maternidade-matelasse\\\/#breadcrumb\"},\"inLanguage\":\"pt-BR\",\"potentialAction\":[{\"@type\":\"ReadAction\",\"target\":[\"https:\\\/\\\/ionn.com.br\\\/mellp\\\/produto\\\/kit-saida-maternidade-matelasse\\\/\"]}]},{\"@type\":\"ImageObject\",\"inLanguage\":\"pt-BR\",\"@id\":\"https:\\\/\\\/ionn.com.br\\\/mellp\\\/produto\\\/kit-saida-maternidade-matelasse\\\/#primaryimage\",\"url\":\"https:\\\/\\\/ionn.com.br\\\/mellp\\\/wp-content\\\/uploads\\\/mell-petit-kit-matelasse-produto.webp\",\"contentUrl\":\"https:\\\/\\\/ionn.com.br\\\/mellp\\\/wp-content\\\/uploads\\\/mell-petit-kit-matelasse-produto.webp\",\"width\":1024,\"height\":1024,\"caption\":\"mell-petit-kit-matelasse-produto\"},{\"@type\":\"BreadcrumbList\",\"@id\":\"https:\\\/\\\/ionn.com.br\\\/mellp\\\/produto\\\/kit-saida-maternidade-matelasse\\\/#breadcrumb\",\"itemListElement\":[{\"@type\":\"ListItem\",\"position\":1,\"name\":\"In\u00edcio\",\"item\":\"https:\\\/\\\/ionn.com.br\\\/mellp\\\/\"},{\"@type\":\"ListItem\",\"position\":2,\"name\":\"Produtos\",\"item\":\"https:\\\/\\\/ionn.com.br\\\/mellp\\\/shop\\\/\"},{\"@type\":\"ListItem\",\"position\":3,\"name\":\"Kit Sa\u00edda Maternidade Matelass\u00ea\"}]},{\"@type\":\"WebSite\",\"@id\":\"https:\\\/\\\/ionn.com.br\\\/mellp\\\/#website\",\"url\":\"https:\\\/\\\/ionn.com.br\\\/mellp\\\/\",\"name\":\"Mell Petit\",\"description\":\"Sa\u00eddas de maternidade\",\"publisher\":{\"@id\":\"https:\\\/\\\/ionn.com.br\\\/mellp\\\/#organization\"},\"alternateName\":\"Mell Petit\",\"potentialAction\":[{\"@type\":\"SearchAction\",\"target\":{\"@type\":\"EntryPoint\",\"urlTemplate\":\"https:\\\/\\\/ionn.com.br\\\/mellp\\\/?s={search_term_string}\"},\"query-input\":{\"@type\":\"PropertyValueSpecification\",\"valueRequired\":true,\"valueName\":\"search_term_string\"}}],\"inLanguage\":\"pt-BR\"},{\"@type\":\"Organization\",\"@id\":\"https:\\\/\\\/ionn.com.br\\\/mellp\\\/#organization\",\"name\":\"Mell Petit\",\"alternateName\":\"Mell Petit\",\"url\":\"https:\\\/\\\/ionn.com.br\\\/mellp\\\/\",\"logo\":{\"@type\":\"ImageObject\",\"inLanguage\":\"pt-BR\",\"@id\":\"https:\\\/\\\/ionn.com.br\\\/mellp\\\/#\\\/schema\\\/logo\\\/image\\\/\",\"url\":\"https:\\\/\\\/ionn.com.br\\\/mellp\\\/wp-content\\\/uploads\\\/loja-virtual-roupas-de-bebe-recem-nascido-sao-paulo.webp\",\"contentUrl\":\"https:\\\/\\\/ionn.com.br\\\/mellp\\\/wp-content\\\/uploads\\\/loja-virtual-roupas-de-bebe-recem-nascido-sao-paulo.webp\",\"width\":178,\"height\":117,\"caption\":\"Mell Petit\"},\"image\":{\"@id\":\"https:\\\/\\\/ionn.com.br\\\/mellp\\\/#\\\/schema\\\/logo\\\/image\\\/\"},\"sameAs\":[\"https:\\\/\\\/facebook.com\\\/mellpetit\",\"https:\\\/\\\/instagram.com\\\/mellpetit\"]}]}<\/script>\n<!-- \/ Yoast SEO plugin. -->","yoast_head_json":{"title":"Kit Sa\u00edda Maternidade Matelass\u00ea &#8212; Mell Petit","description":"Cardigan trama em matelass\u00ea azul com detalhes em branco, possui bot\u00f5es com abertura frontal.","robots":{"index":"index","follow":"follow","max-snippet":"max-snippet:-1","max-image-preview":"max-image-preview:large","max-video-preview":"max-video-preview:-1"},"canonical":"https:\/\/ionn.com.br\/mellp\/produto\/kit-saida-maternidade-matelasse\/","og_locale":"pt_BR","og_type":"article","og_title":"Kit Sa\u00edda Maternidade Matelass\u00ea &#8212; Mell Petit","og_description":"Cardigan trama em matelass\u00ea azul com detalhes em branco, possui bot\u00f5es com abertura frontal.","og_url":"https:\/\/ionn.com.br\/mellp\/produto\/kit-saida-maternidade-matelasse\/","og_site_name":"Mell Petit","article_publisher":"https:\/\/facebook.com\/mellpetit","article_modified_time":"2026-02-01T03:43:02+00:00","og_image":[{"width":1024,"height":1024,"url":"https:\/\/ionn.com.br\/mellp\/wp-content\/uploads\/mell-petit-kit-matelasse-produto.webp","type":"image\/webp"}],"twitter_card":"summary_large_image","twitter_misc":{"Est. tempo de leitura":"2 minutos"},"schema":{"@context":"https:\/\/schema.org","@graph":[{"@type":"WebPage","@id":"https:\/\/ionn.com.br\/mellp\/produto\/kit-saida-maternidade-matelasse\/","url":"https:\/\/ionn.com.br\/mellp\/produto\/kit-saida-maternidade-matelasse\/","name":"Kit Sa\u00edda Maternidade Matelass\u00ea &#8212; Mell Petit","isPartOf":{"@id":"https:\/\/ionn.com.br\/mellp\/#website"},"primaryImageOfPage":{"@id":"https:\/\/ionn.com.br\/mellp\/produto\/kit-saida-maternidade-matelasse\/#primaryimage"},"image":{"@id":"https:\/\/ionn.com.br\/mellp\/produto\/kit-saida-maternidade-matelasse\/#primaryimage"},"thumbnailUrl":"https:\/\/ionn.com.br\/mellp\/wp-content\/uploads\/mell-petit-kit-matelasse-produto.webp","datePublished":"2023-07-06T15:29:19+00:00","dateModified":"2026-02-01T03:43:02+00:00","description":"Cardigan trama em matelass\u00ea azul com detalhes em branco, possui bot\u00f5es com abertura frontal.","breadcrumb":{"@id":"https:\/\/ionn.com.br\/mellp\/produto\/kit-saida-maternidade-matelasse\/#breadcrumb"},"inLanguage":"pt-BR","potentialAction":[{"@type":"ReadAction","target":["https:\/\/ionn.com.br\/mellp\/produto\/kit-saida-maternidade-matelasse\/"]}]},{"@type":"ImageObject","inLanguage":"pt-BR","@id":"https:\/\/ionn.com.br\/mellp\/produto\/kit-saida-maternidade-matelasse\/#primaryimage","url":"https:\/\/ionn.com.br\/mellp\/wp-content\/uploads\/mell-petit-kit-matelasse-produto.webp","contentUrl":"https:\/\/ionn.com.br\/mellp\/wp-content\/uploads\/mell-petit-kit-matelasse-produto.webp","width":1024,"height":1024,"caption":"mell-petit-kit-matelasse-produto"},{"@type":"BreadcrumbList","@id":"https:\/\/ionn.com.br\/mellp\/produto\/kit-saida-maternidade-matelasse\/#breadcrumb","itemListElement":[{"@type":"ListItem","position":1,"name":"In\u00edcio","item":"https:\/\/ionn.com.br\/mellp\/"},{"@type":"ListItem","position":2,"name":"Produtos","item":"https:\/\/ionn.com.br\/mellp\/shop\/"},{"@type":"ListItem","position":3,"name":"Kit Sa\u00edda Maternidade Matelass\u00ea"}]},{"@type":"WebSite","@id":"https:\/\/ionn.com.br\/mellp\/#website","url":"https:\/\/ionn.com.br\/mellp\/","name":"Mell Petit","description":"Sa\u00eddas de maternidade","publisher":{"@id":"https:\/\/ionn.com.br\/mellp\/#organization"},"alternateName":"Mell Petit","potentialAction":[{"@type":"SearchAction","target":{"@type":"EntryPoint","urlTemplate":"https:\/\/ionn.com.br\/mellp\/?s={search_term_string}"},"query-input":{"@type":"PropertyValueSpecification","valueRequired":true,"valueName":"search_term_string"}}],"inLanguage":"pt-BR"},{"@type":"Organization","@id":"https:\/\/ionn.com.br\/mellp\/#organization","name":"Mell Petit","alternateName":"Mell Petit","url":"https:\/\/ionn.com.br\/mellp\/","logo":{"@type":"ImageObject","inLanguage":"pt-BR","@id":"https:\/\/ionn.com.br\/mellp\/#\/schema\/logo\/image\/","url":"https:\/\/ionn.com.br\/mellp\/wp-content\/uploads\/loja-virtual-roupas-de-bebe-recem-nascido-sao-paulo.webp","contentUrl":"https:\/\/ionn.com.br\/mellp\/wp-content\/uploads\/loja-virtual-roupas-de-bebe-recem-nascido-sao-paulo.webp","width":178,"height":117,"caption":"Mell Petit"},"image":{"@id":"https:\/\/ionn.com.br\/mellp\/#\/schema\/logo\/image\/"},"sameAs":["https:\/\/facebook.com\/mellpetit","https:\/\/instagram.com\/mellpetit"]}]}},"_links":{"self":[{"href":"https:\/\/ionn.com.br\/mellp\/wp-json\/wp\/v2\/product\/2862","targetHints":{"allow":["GET"]}}],"collection":[{"href":"https:\/\/ionn.com.br\/mellp\/wp-json\/wp\/v2\/product"}],"about":[{"href":"https:\/\/ionn.com.br\/mellp\/wp-json\/wp\/v2\/types\/product"}],"replies":[{"embeddable":true,"href":"https:\/\/ionn.com.br\/mellp\/wp-json\/wp\/v2\/comments?post=2862"}],"version-history":[{"count":10,"href":"https:\/\/ionn.com.br\/mellp\/wp-json\/wp\/v2\/product\/2862\/revisions"}],"predecessor-version":[{"id":4609,"href":"https:\/\/ionn.com.br\/mellp\/wp-json\/wp\/v2\/product\/2862\/revisions\/4609"}],"wp:featuredmedia":[{"embeddable":true,"href":"https:\/\/ionn.com.br\/mellp\/wp-json\/wp\/v2\/media\/3172"}],"wp:attachment":[{"href":"https:\/\/ionn.com.br\/mellp\/wp-json\/wp\/v2\/media?parent=2862"}],"wp:term":[{"taxonomy":"product_brand","embeddable":true,"href":"https:\/\/ionn.com.br\/mellp\/wp-json\/wp\/v2\/product_brand?post=2862"},{"taxonomy":"product_cat","embeddable":true,"href":"https:\/\/ionn.com.br\/mellp\/wp-json\/wp\/v2\/product_cat?post=2862"},{"taxonomy":"product_tag","embeddable":true,"href":"https:\/\/ionn.com.br\/mellp\/wp-json\/wp\/v2\/product_tag?post=2862"}],"curies":[{"name":"wp","href":"https:\/\/api.w.org\/{rel}","templated":true}]}}