{"id":5952,"date":"2024-06-06T22:14:57","date_gmt":"2024-06-07T01:14:57","guid":{"rendered":"https:\/\/ionn.com.br\/mellp\/?post_type=product&#038;p=5952"},"modified":"2026-02-01T22:30:38","modified_gmt":"2026-02-02T01:30:38","slug":"kit-saida-maternidade-cannes-prematuro","status":"publish","type":"product","link":"https:\/\/ionn.com.br\/mellp\/produto\/kit-saida-maternidade-cannes-prematuro\/","title":{"rendered":"Kit sa\u00edda maternidade Cannes &#8211; Prematuro"},"content":{"rendered":"<p>Cardigan com detalhes em tr\u00eas cores. Possui abotoamento frontal.<\/p>\n<p><strong>Composi\u00e7\u00e3o do kit: <\/strong>tricot antial\u00e9rgico 50% algod\u00e3o 50% acr\u00edlico.<\/p>\n<p><img fetchpriority=\"high\" decoding=\"async\" class=\"alignnone wp-image-2938 size-full\" src=\"https:\/\/ionn.com.br\/mellp\/wp-content\/uploads\/medidas-de-kit-pequena-e-recem-nascido-mell-petit.webp\" alt=\"medidas-de-kit-pequena-e-recem-nascido-mell-petit\" width=\"451\" height=\"248\" srcset=\"https:\/\/ionn.com.br\/mellp\/wp-content\/uploads\/medidas-de-kit-pequena-e-recem-nascido-mell-petit.webp 451w, https:\/\/ionn.com.br\/mellp\/wp-content\/uploads\/medidas-de-kit-pequena-e-recem-nascido-mell-petit-300x165.webp 300w, https:\/\/ionn.com.br\/mellp\/wp-content\/uploads\/medidas-de-kit-pequena-e-recem-nascido-mell-petit-150x82.webp 150w\" sizes=\"(max-width: 451px) 100vw, 451px\" \/><\/p>\n<h3>Medidas aproximadas do Cardigan &#8211; Prematuro:<\/h3>\n<table style=\"height: 146px;\" width=\"493\">\n<tbody>\n<tr>\n<td width=\"50%\"><strong>Comprimento total:<\/strong><\/td>\n<td width=\"50%\">23cm<\/td>\n<\/tr>\n<tr>\n<td width=\"50%\"><strong>Comprimento Mangas<\/strong><\/td>\n<td width=\"50%\">17cm<\/td>\n<\/tr>\n<tr>\n<td width=\"50%\"><strong>Largura:<\/strong><\/td>\n<td width=\"50%\">25cm<\/td>\n<\/tr>\n<\/tbody>\n<\/table>\n<h3><\/h3>\n<h3>Medidas aproximadas da salopete\u00a0 &#8211; Prematuro:<\/h3>\n<table style=\"height: 146px;\" width=\"493\">\n<tbody>\n<tr>\n<td width=\"50%\"><strong>Comprimento total:<\/strong><\/td>\n<td width=\"50%\">40cm<\/td>\n<\/tr>\n<tr>\n<td width=\"50%\"><strong>Gancho<\/strong><\/td>\n<td width=\"50%\">23cm<\/td>\n<\/tr>\n<tr>\n<td width=\"50%\"><strong>Largura:<\/strong><\/td>\n<td width=\"50%\">23cm<\/td>\n<\/tr>\n<\/tbody>\n<\/table>\n<p><strong>Tamanho PREMATURO atende beb\u00ea 02 a 03 Kg; tamanho 38 a 40 cm \u2013 medidas aproximadas.<\/strong><\/p>\n<p><strong>As medidas podem variar at\u00e9 2 cm para mais ou menos.<\/strong><\/p>\n<p>&nbsp;<\/p>\n<hr \/>\n<h3>Caracter\u00edsticas da Manta:<\/h3>\n<p>Manta com detalhe de listras de cores no barrado coordenada com o cardigan, dupla face medindo aproximadamente: 80 x 80 cm.<\/p>\n<h3><\/h3>\n<hr \/>\n<p>&nbsp;<\/p>\n<h3>Cuidados com a pe\u00e7a:<\/h3>\n<ol>\n<li>Lavar delicadamente a m\u00e3o<\/li>\n<li>Utiliza sab\u00e3o neutro<\/li>\n<li>N\u00e3o utilizar alvejantes<\/li>\n<li>N\u00e3o torcer, apertar suavemente<\/li>\n<li>Secar \u00e0 sombra na horizontal<\/li>\n<li>N\u00e3o passar a ferro<\/li>\n<\/ol>\n<p>&nbsp;<\/p>\n<p>Pe\u00e7as de qualidade confeccionados em tricot artesanalmente, podendo apresentar pequenas varia\u00e7\u00f5es em tonalidade, costura e bordados.<br \/>\nA cor poder\u00e1 sofrer altera\u00e7\u00e3o dependendo da tela e resolu\u00e7\u00e3o em que est\u00e1 sendo visualizada.<\/p>\n","protected":false},"excerpt":{"rendered":"<p>Sa\u00edda de maternidade em tricot jacquard\u00a0 antial\u00e9rgico . kit composto por por tr\u00eas pe\u00e7as: Cardigan, salopete\u00a0 e manta.<\/p>\n<p><strong>*** Body e demais acess\u00f3rios vendidos separadamente***<\/strong><\/p>\n<hr \/>\n<div><\/div>\n<div>Itens inclusos:<\/div>\n<ul>\n<li>01 Cardigan<\/li>\n<li>01 Salopete com pezinho<\/li>\n<li>01 Manta<\/li>\n<\/ul>\n<hr \/>\n","protected":false},"featured_media":5931,"comment_status":"open","ping_status":"closed","template":"","meta":[],"product_brand":[],"product_cat":[164,46],"product_tag":[291,173,174,91,189],"class_list":{"0":"post-5952","1":"product","2":"type-product","3":"status-publish","4":"has-post-thumbnail","6":"product_cat-menino-prematuro","7":"product_cat-saida-maternidade","8":"product_tag-amarelo-ouro","9":"product_tag-azul","10":"product_tag-branco","11":"product_tag-kit-saida-maternidade","12":"product_tag-mostarda","14":"first","15":"instock","16":"taxable","17":"shipping-taxable","18":"purchasable","19":"product-type-variable"},"yoast_head":"<!-- This site is optimized with the Yoast SEO plugin v27.4 - https:\/\/yoast.com\/product\/yoast-seo-wordpress\/ -->\n<title>Kit sa\u00edda maternidade Cannes - Prematuro &#8212; Mell Petit<\/title>\n<meta name=\"description\" content=\"Sa\u00edda em tricot com detalhe em tr\u00eas cores composta por cardigan ,salopete (macac\u00e3o cavado)e manta ;\" \/>\n<meta name=\"robots\" content=\"index, follow, max-snippet:-1, max-image-preview:large, max-video-preview:-1\" \/>\n<link rel=\"canonical\" href=\"https:\/\/ionn.com.br\/mellp\/produto\/kit-saida-maternidade-cannes-prematuro\/\" \/>\n<meta property=\"og:locale\" content=\"pt_BR\" \/>\n<meta property=\"og:type\" content=\"article\" \/>\n<meta property=\"og:title\" content=\"Kit sa\u00edda maternidade Cannes - Prematuro &#8212; Mell Petit\" \/>\n<meta property=\"og:description\" content=\"Sa\u00edda em tricot com detalhe em tr\u00eas cores composta por cardigan ,salopete (macac\u00e3o cavado)e manta ;\" \/>\n<meta property=\"og:url\" content=\"https:\/\/ionn.com.br\/mellp\/produto\/kit-saida-maternidade-cannes-prematuro\/\" \/>\n<meta property=\"og:site_name\" content=\"Mell Petit\" \/>\n<meta property=\"article:publisher\" content=\"https:\/\/facebook.com\/mellpetit\" \/>\n<meta property=\"article:modified_time\" content=\"2026-02-02T01:30:38+00:00\" \/>\n<meta property=\"og:image\" content=\"https:\/\/ionn.com.br\/mellp\/wp-content\/uploads\/KIT-CANNES-VERDE.-OFF-E-MARINHO.webp\" \/>\n\t<meta property=\"og:image:width\" content=\"1024\" \/>\n\t<meta property=\"og:image:height\" content=\"1024\" \/>\n\t<meta property=\"og:image:type\" content=\"image\/webp\" \/>\n<meta name=\"twitter:card\" content=\"summary_large_image\" \/>\n<meta name=\"twitter:label1\" content=\"Est. tempo de leitura\" \/>\n\t<meta name=\"twitter:data1\" content=\"2 minutos\" \/>\n<script type=\"application\/ld+json\" class=\"yoast-schema-graph\">{\"@context\":\"https:\\\/\\\/schema.org\",\"@graph\":[{\"@type\":\"WebPage\",\"@id\":\"https:\\\/\\\/ionn.com.br\\\/mellp\\\/produto\\\/kit-saida-maternidade-cannes-prematuro\\\/\",\"url\":\"https:\\\/\\\/ionn.com.br\\\/mellp\\\/produto\\\/kit-saida-maternidade-cannes-prematuro\\\/\",\"name\":\"Kit sa\u00edda maternidade Cannes - Prematuro &#8212; Mell Petit\",\"isPartOf\":{\"@id\":\"https:\\\/\\\/ionn.com.br\\\/mellp\\\/#website\"},\"primaryImageOfPage\":{\"@id\":\"https:\\\/\\\/ionn.com.br\\\/mellp\\\/produto\\\/kit-saida-maternidade-cannes-prematuro\\\/#primaryimage\"},\"image\":{\"@id\":\"https:\\\/\\\/ionn.com.br\\\/mellp\\\/produto\\\/kit-saida-maternidade-cannes-prematuro\\\/#primaryimage\"},\"thumbnailUrl\":\"https:\\\/\\\/ionn.com.br\\\/mellp\\\/wp-content\\\/uploads\\\/KIT-CANNES-VERDE.-OFF-E-MARINHO.webp\",\"datePublished\":\"2024-06-07T01:14:57+00:00\",\"dateModified\":\"2026-02-02T01:30:38+00:00\",\"description\":\"Sa\u00edda em tricot com detalhe em tr\u00eas cores composta por cardigan ,salopete (macac\u00e3o cavado)e manta ;\",\"breadcrumb\":{\"@id\":\"https:\\\/\\\/ionn.com.br\\\/mellp\\\/produto\\\/kit-saida-maternidade-cannes-prematuro\\\/#breadcrumb\"},\"inLanguage\":\"pt-BR\",\"potentialAction\":[{\"@type\":\"ReadAction\",\"target\":[\"https:\\\/\\\/ionn.com.br\\\/mellp\\\/produto\\\/kit-saida-maternidade-cannes-prematuro\\\/\"]}]},{\"@type\":\"ImageObject\",\"inLanguage\":\"pt-BR\",\"@id\":\"https:\\\/\\\/ionn.com.br\\\/mellp\\\/produto\\\/kit-saida-maternidade-cannes-prematuro\\\/#primaryimage\",\"url\":\"https:\\\/\\\/ionn.com.br\\\/mellp\\\/wp-content\\\/uploads\\\/KIT-CANNES-VERDE.-OFF-E-MARINHO.webp\",\"contentUrl\":\"https:\\\/\\\/ionn.com.br\\\/mellp\\\/wp-content\\\/uploads\\\/KIT-CANNES-VERDE.-OFF-E-MARINHO.webp\",\"width\":1024,\"height\":1024},{\"@type\":\"BreadcrumbList\",\"@id\":\"https:\\\/\\\/ionn.com.br\\\/mellp\\\/produto\\\/kit-saida-maternidade-cannes-prematuro\\\/#breadcrumb\",\"itemListElement\":[{\"@type\":\"ListItem\",\"position\":1,\"name\":\"In\u00edcio\",\"item\":\"https:\\\/\\\/ionn.com.br\\\/mellp\\\/\"},{\"@type\":\"ListItem\",\"position\":2,\"name\":\"Produtos\",\"item\":\"https:\\\/\\\/ionn.com.br\\\/mellp\\\/shop\\\/\"},{\"@type\":\"ListItem\",\"position\":3,\"name\":\"Kit sa\u00edda maternidade Cannes &#8211; Prematuro\"}]},{\"@type\":\"WebSite\",\"@id\":\"https:\\\/\\\/ionn.com.br\\\/mellp\\\/#website\",\"url\":\"https:\\\/\\\/ionn.com.br\\\/mellp\\\/\",\"name\":\"Mell Petit\",\"description\":\"Sa\u00eddas de maternidade\",\"publisher\":{\"@id\":\"https:\\\/\\\/ionn.com.br\\\/mellp\\\/#organization\"},\"alternateName\":\"Mell Petit\",\"potentialAction\":[{\"@type\":\"SearchAction\",\"target\":{\"@type\":\"EntryPoint\",\"urlTemplate\":\"https:\\\/\\\/ionn.com.br\\\/mellp\\\/?s={search_term_string}\"},\"query-input\":{\"@type\":\"PropertyValueSpecification\",\"valueRequired\":true,\"valueName\":\"search_term_string\"}}],\"inLanguage\":\"pt-BR\"},{\"@type\":\"Organization\",\"@id\":\"https:\\\/\\\/ionn.com.br\\\/mellp\\\/#organization\",\"name\":\"Mell Petit\",\"alternateName\":\"Mell Petit\",\"url\":\"https:\\\/\\\/ionn.com.br\\\/mellp\\\/\",\"logo\":{\"@type\":\"ImageObject\",\"inLanguage\":\"pt-BR\",\"@id\":\"https:\\\/\\\/ionn.com.br\\\/mellp\\\/#\\\/schema\\\/logo\\\/image\\\/\",\"url\":\"https:\\\/\\\/ionn.com.br\\\/mellp\\\/wp-content\\\/uploads\\\/loja-virtual-roupas-de-bebe-recem-nascido-sao-paulo.webp\",\"contentUrl\":\"https:\\\/\\\/ionn.com.br\\\/mellp\\\/wp-content\\\/uploads\\\/loja-virtual-roupas-de-bebe-recem-nascido-sao-paulo.webp\",\"width\":178,\"height\":117,\"caption\":\"Mell Petit\"},\"image\":{\"@id\":\"https:\\\/\\\/ionn.com.br\\\/mellp\\\/#\\\/schema\\\/logo\\\/image\\\/\"},\"sameAs\":[\"https:\\\/\\\/facebook.com\\\/mellpetit\",\"https:\\\/\\\/instagram.com\\\/mellpetit\"]}]}<\/script>\n<!-- \/ Yoast SEO plugin. -->","yoast_head_json":{"title":"Kit sa\u00edda maternidade Cannes - Prematuro &#8212; Mell Petit","description":"Sa\u00edda em tricot com detalhe em tr\u00eas cores composta por cardigan ,salopete (macac\u00e3o cavado)e manta ;","robots":{"index":"index","follow":"follow","max-snippet":"max-snippet:-1","max-image-preview":"max-image-preview:large","max-video-preview":"max-video-preview:-1"},"canonical":"https:\/\/ionn.com.br\/mellp\/produto\/kit-saida-maternidade-cannes-prematuro\/","og_locale":"pt_BR","og_type":"article","og_title":"Kit sa\u00edda maternidade Cannes - Prematuro &#8212; Mell Petit","og_description":"Sa\u00edda em tricot com detalhe em tr\u00eas cores composta por cardigan ,salopete (macac\u00e3o cavado)e manta ;","og_url":"https:\/\/ionn.com.br\/mellp\/produto\/kit-saida-maternidade-cannes-prematuro\/","og_site_name":"Mell Petit","article_publisher":"https:\/\/facebook.com\/mellpetit","article_modified_time":"2026-02-02T01:30:38+00:00","og_image":[{"width":1024,"height":1024,"url":"https:\/\/ionn.com.br\/mellp\/wp-content\/uploads\/KIT-CANNES-VERDE.-OFF-E-MARINHO.webp","type":"image\/webp"}],"twitter_card":"summary_large_image","twitter_misc":{"Est. tempo de leitura":"2 minutos"},"schema":{"@context":"https:\/\/schema.org","@graph":[{"@type":"WebPage","@id":"https:\/\/ionn.com.br\/mellp\/produto\/kit-saida-maternidade-cannes-prematuro\/","url":"https:\/\/ionn.com.br\/mellp\/produto\/kit-saida-maternidade-cannes-prematuro\/","name":"Kit sa\u00edda maternidade Cannes - Prematuro &#8212; Mell Petit","isPartOf":{"@id":"https:\/\/ionn.com.br\/mellp\/#website"},"primaryImageOfPage":{"@id":"https:\/\/ionn.com.br\/mellp\/produto\/kit-saida-maternidade-cannes-prematuro\/#primaryimage"},"image":{"@id":"https:\/\/ionn.com.br\/mellp\/produto\/kit-saida-maternidade-cannes-prematuro\/#primaryimage"},"thumbnailUrl":"https:\/\/ionn.com.br\/mellp\/wp-content\/uploads\/KIT-CANNES-VERDE.-OFF-E-MARINHO.webp","datePublished":"2024-06-07T01:14:57+00:00","dateModified":"2026-02-02T01:30:38+00:00","description":"Sa\u00edda em tricot com detalhe em tr\u00eas cores composta por cardigan ,salopete (macac\u00e3o cavado)e manta ;","breadcrumb":{"@id":"https:\/\/ionn.com.br\/mellp\/produto\/kit-saida-maternidade-cannes-prematuro\/#breadcrumb"},"inLanguage":"pt-BR","potentialAction":[{"@type":"ReadAction","target":["https:\/\/ionn.com.br\/mellp\/produto\/kit-saida-maternidade-cannes-prematuro\/"]}]},{"@type":"ImageObject","inLanguage":"pt-BR","@id":"https:\/\/ionn.com.br\/mellp\/produto\/kit-saida-maternidade-cannes-prematuro\/#primaryimage","url":"https:\/\/ionn.com.br\/mellp\/wp-content\/uploads\/KIT-CANNES-VERDE.-OFF-E-MARINHO.webp","contentUrl":"https:\/\/ionn.com.br\/mellp\/wp-content\/uploads\/KIT-CANNES-VERDE.-OFF-E-MARINHO.webp","width":1024,"height":1024},{"@type":"BreadcrumbList","@id":"https:\/\/ionn.com.br\/mellp\/produto\/kit-saida-maternidade-cannes-prematuro\/#breadcrumb","itemListElement":[{"@type":"ListItem","position":1,"name":"In\u00edcio","item":"https:\/\/ionn.com.br\/mellp\/"},{"@type":"ListItem","position":2,"name":"Produtos","item":"https:\/\/ionn.com.br\/mellp\/shop\/"},{"@type":"ListItem","position":3,"name":"Kit sa\u00edda maternidade Cannes &#8211; Prematuro"}]},{"@type":"WebSite","@id":"https:\/\/ionn.com.br\/mellp\/#website","url":"https:\/\/ionn.com.br\/mellp\/","name":"Mell Petit","description":"Sa\u00eddas de maternidade","publisher":{"@id":"https:\/\/ionn.com.br\/mellp\/#organization"},"alternateName":"Mell Petit","potentialAction":[{"@type":"SearchAction","target":{"@type":"EntryPoint","urlTemplate":"https:\/\/ionn.com.br\/mellp\/?s={search_term_string}"},"query-input":{"@type":"PropertyValueSpecification","valueRequired":true,"valueName":"search_term_string"}}],"inLanguage":"pt-BR"},{"@type":"Organization","@id":"https:\/\/ionn.com.br\/mellp\/#organization","name":"Mell Petit","alternateName":"Mell Petit","url":"https:\/\/ionn.com.br\/mellp\/","logo":{"@type":"ImageObject","inLanguage":"pt-BR","@id":"https:\/\/ionn.com.br\/mellp\/#\/schema\/logo\/image\/","url":"https:\/\/ionn.com.br\/mellp\/wp-content\/uploads\/loja-virtual-roupas-de-bebe-recem-nascido-sao-paulo.webp","contentUrl":"https:\/\/ionn.com.br\/mellp\/wp-content\/uploads\/loja-virtual-roupas-de-bebe-recem-nascido-sao-paulo.webp","width":178,"height":117,"caption":"Mell Petit"},"image":{"@id":"https:\/\/ionn.com.br\/mellp\/#\/schema\/logo\/image\/"},"sameAs":["https:\/\/facebook.com\/mellpetit","https:\/\/instagram.com\/mellpetit"]}]}},"_links":{"self":[{"href":"https:\/\/ionn.com.br\/mellp\/wp-json\/wp\/v2\/product\/5952","targetHints":{"allow":["GET"]}}],"collection":[{"href":"https:\/\/ionn.com.br\/mellp\/wp-json\/wp\/v2\/product"}],"about":[{"href":"https:\/\/ionn.com.br\/mellp\/wp-json\/wp\/v2\/types\/product"}],"replies":[{"embeddable":true,"href":"https:\/\/ionn.com.br\/mellp\/wp-json\/wp\/v2\/comments?post=5952"}],"version-history":[{"count":2,"href":"https:\/\/ionn.com.br\/mellp\/wp-json\/wp\/v2\/product\/5952\/revisions"}],"predecessor-version":[{"id":7200,"href":"https:\/\/ionn.com.br\/mellp\/wp-json\/wp\/v2\/product\/5952\/revisions\/7200"}],"wp:featuredmedia":[{"embeddable":true,"href":"https:\/\/ionn.com.br\/mellp\/wp-json\/wp\/v2\/media\/5931"}],"wp:attachment":[{"href":"https:\/\/ionn.com.br\/mellp\/wp-json\/wp\/v2\/media?parent=5952"}],"wp:term":[{"taxonomy":"product_brand","embeddable":true,"href":"https:\/\/ionn.com.br\/mellp\/wp-json\/wp\/v2\/product_brand?post=5952"},{"taxonomy":"product_cat","embeddable":true,"href":"https:\/\/ionn.com.br\/mellp\/wp-json\/wp\/v2\/product_cat?post=5952"},{"taxonomy":"product_tag","embeddable":true,"href":"https:\/\/ionn.com.br\/mellp\/wp-json\/wp\/v2\/product_tag?post=5952"}],"curies":[{"name":"wp","href":"https:\/\/api.w.org\/{rel}","templated":true}]}}